{"id":1363,"date":"2026-02-20T19:22:19","date_gmt":"2026-02-20T19:22:19","guid":{"rendered":"https:\/\/www.ollamatelier.sk\/eshop\/?post_type=product&#038;p=1363"},"modified":"2026-03-18T16:15:49","modified_gmt":"2026-03-18T16:15:49","slug":"velkonocny-veniec","status":"publish","type":"product","link":"https:\/\/www.ollamatelier.sk\/eshop\/produkt\/velkonocny-veniec\/","title":{"rendered":"Ve\u013ekono\u010dn\u00fd veniec"},"content":{"rendered":"<p>[et_pb_section fb_built=&#8220;1&#8243; _builder_version=&#8220;4.16&#8243; custom_padding=&#8220;0px||||false|false&#8220; global_colors_info=&#8220;{}&#8220;][et_pb_row _builder_version=&#8220;4.16&#8243; background_size=&#8220;initial&#8220; background_position=&#8220;top_left&#8220; background_repeat=&#8220;repeat&#8220; width=&#8220;100%&#8220; custom_padding=&#8220;0px||0px||false|false&#8220; global_colors_info=&#8220;{}&#8220;][et_pb_column type=&#8220;4_4&#8243; _builder_version=&#8220;4.16&#8243; custom_padding=&#8220;|||&#8220; global_colors_info=&#8220;{}&#8220; custom_padding__hover=&#8220;|||&#8220;][et_pb_wc_breadcrumb _builder_version=&#8220;4.16&#8243; global_colors_info=&#8220;{}&#8220;][\/et_pb_wc_breadcrumb][et_pb_wc_cart_notice _builder_version=&#8220;4.16&#8243; global_colors_info=&#8220;{}&#8220;][\/et_pb_wc_cart_notice][\/et_pb_column][\/et_pb_row][et_pb_row column_structure=&#8220;1_2,1_2&#8243; _builder_version=&#8220;4.16&#8243; background_size=&#8220;initial&#8220; background_position=&#8220;top_left&#8220; background_repeat=&#8220;repeat&#8220; width=&#8220;100%&#8220; custom_padding=&#8220;0px||||false|false&#8220; global_colors_info=&#8220;{}&#8220;][et_pb_column type=&#8220;1_2&#8243; _builder_version=&#8220;4.16&#8243; custom_padding=&#8220;|||&#8220; global_colors_info=&#8220;{}&#8220; custom_padding__hover=&#8220;|||&#8220;][et_pb_wc_images _builder_version=&#8220;4.16&#8243; global_colors_info=&#8220;{}&#8220;][\/et_pb_wc_images][\/et_pb_column][et_pb_column type=&#8220;1_2&#8243; _builder_version=&#8220;4.16&#8243; custom_padding=&#8220;|||&#8220; global_colors_info=&#8220;{}&#8220; custom_padding__hover=&#8220;|||&#8220;][et_pb_wc_title _builder_version=&#8220;4.16&#8243; global_colors_info=&#8220;{}&#8220;][\/et_pb_wc_title][et_pb_wc_rating _builder_version=&#8220;4.16&#8243; global_colors_info=&#8220;{}&#8220;][\/et_pb_wc_rating][et_pb_wc_price _builder_version=&#8220;4.16&#8243; global_colors_info=&#8220;{}&#8220;][\/et_pb_wc_price][et_pb_wc_description _builder_version=&#8220;4.16&#8243; global_colors_info=&#8220;{}&#8220;][\/et_pb_wc_description][et_pb_wc_add_to_cart _builder_version=&#8220;4.16&#8243; global_colors_info=&#8220;{}&#8220;][\/et_pb_wc_add_to_cart][et_pb_wc_meta _builder_version=&#8220;4.16&#8243; global_colors_info=&#8220;{}&#8220;][\/et_pb_wc_meta][\/et_pb_column][\/et_pb_row][et_pb_row _builder_version=&#8220;4.16&#8243; background_size=&#8220;initial&#8220; background_position=&#8220;top_left&#8220; background_repeat=&#8220;repeat&#8220; width=&#8220;100%&#8220; global_colors_info=&#8220;{}&#8220;][et_pb_column type=&#8220;4_4&#8243; _builder_version=&#8220;4.16&#8243; custom_padding=&#8220;|||&#8220; global_colors_info=&#8220;{}&#8220; custom_padding__hover=&#8220;|||&#8220;][et_pb_wc_upsells _builder_version=&#8220;4.16&#8243; global_colors_info=&#8220;{}&#8220;][\/et_pb_wc_upsells][et_pb_wc_related_products _builder_version=&#8220;4.16&#8243; global_colors_info=&#8220;{}&#8220;][\/et_pb_wc_related_products][\/et_pb_column][\/et_pb_row][\/et_pb_section]<\/p>\n","protected":false},"excerpt":{"rendered":"<p data-start=\"91\" data-end=\"150\"><b>Ve\u013ekono\u010dn\u00fd veniec<\/p>\n<p>Ve\u013ekono\u010dn\u00fd veniec vyroben\u00fd z pr\u00edrodn\u00fdch materi\u00e1lo. Z\u00e1klad tvor\u00ed vo\u0148av\u00e1 zele\u0148, ktor\u00e1 je doplnen\u00e1 o su\u0161en\u00e9 kvety z na\u0161j z\u00e1hrady. Nesm\u00fa ch\u00fdba\u0165 bahniatka a prepeli\u010die \u010di slepa\u010die vaj\u00ed\u010dka.<\/p>\n<p>Primer venca je cca 35cm, veniec nie je viazan\u00fd na hladko ale je \u0161i\u0161at\u00fd a r\u00f4znorod\u00fd.\u00a0<\/b><\/p>\n","protected":false},"featured_media":1368,"template":"","meta":{"_et_pb_use_builder":"on","_et_pb_old_content":"","_et_gb_content_width":"","bwfblock_default_font":"","_monsterinsights_skip_tracking":false,"_monsterinsights_sitenote_active":false,"_monsterinsights_sitenote_note":"","_monsterinsights_sitenote_category":0},"product_cat":[112,84],"product_tag":[],"yoast_head":"<!-- This site is optimized with the Yoast SEO plugin v23.5 - https:\/\/yoast.com\/wordpress\/plugins\/seo\/ -->\n<title>Ve\u013ekono\u010dn\u00fd veniec -<\/title>\n<meta name=\"robots\" content=\"index, follow, max-snippet:-1, max-image-preview:large, max-video-preview:-1\" \/>\n<link rel=\"canonical\" href=\"https:\/\/www.ollamatelier.sk\/eshop\/produkt\/velkonocny-veniec\/\" \/>\n<meta property=\"og:locale\" content=\"sk_SK\" \/>\n<meta property=\"og:type\" content=\"article\" \/>\n<meta property=\"og:title\" content=\"Ve\u013ekono\u010dn\u00fd veniec -\" \/>\n<meta property=\"og:description\" content=\"Ve\u013ekono\u010dn\u00fd veniec  Ve\u013ekono\u010dn\u00fd veniec vyroben\u00fd z pr\u00edrodn\u00fdch materi\u00e1lo. Z\u00e1klad tvor\u00ed vo\u0148av\u00e1 zele\u0148, ktor\u00e1 je doplnen\u00e1 o su\u0161en\u00e9 kvety z na\u0161j z\u00e1hrady. Nesm\u00fa ch\u00fdba\u0165 bahniatka a prepeli\u010die \u010di slepa\u010die vaj\u00ed\u010dka.  Primer venca je cca 35cm, veniec nie je viazan\u00fd na hladko ale je \u0161i\u0161at\u00fd a r\u00f4znorod\u00fd.\u00a0\" \/>\n<meta property=\"og:url\" content=\"https:\/\/www.ollamatelier.sk\/eshop\/produkt\/velkonocny-veniec\/\" \/>\n<meta property=\"article:modified_time\" content=\"2026-03-18T16:15:49+00:00\" \/>\n<meta property=\"og:image\" content=\"https:\/\/www.ollamatelier.sk\/eshop\/wp-content\/uploads\/2026\/02\/IMG_2176-scaled.jpg\" \/>\n\t<meta property=\"og:image:width\" content=\"2191\" \/>\n\t<meta property=\"og:image:height\" content=\"2560\" \/>\n\t<meta property=\"og:image:type\" content=\"image\/jpeg\" \/>\n<meta name=\"twitter:card\" content=\"summary_large_image\" \/>\n<meta name=\"twitter:label1\" content=\"Predpokladan\u00fd \u010das \u010d\u00edtania\" \/>\n\t<meta name=\"twitter:data1\" content=\"2 min\u00faty\" \/>\n<script type=\"application\/ld+json\" class=\"yoast-schema-graph\">{\"@context\":\"https:\/\/schema.org\",\"@graph\":[{\"@type\":\"WebPage\",\"@id\":\"https:\/\/www.ollamatelier.sk\/eshop\/produkt\/velkonocny-veniec\/\",\"url\":\"https:\/\/www.ollamatelier.sk\/eshop\/produkt\/velkonocny-veniec\/\",\"name\":\"Ve\u013ekono\u010dn\u00fd veniec -\",\"isPartOf\":{\"@id\":\"https:\/\/www.ollamatelier.sk\/eshop\/#website\"},\"primaryImageOfPage\":{\"@id\":\"https:\/\/www.ollamatelier.sk\/eshop\/produkt\/velkonocny-veniec\/#primaryimage\"},\"image\":{\"@id\":\"https:\/\/www.ollamatelier.sk\/eshop\/produkt\/velkonocny-veniec\/#primaryimage\"},\"thumbnailUrl\":\"https:\/\/www.ollamatelier.sk\/eshop\/wp-content\/uploads\/2026\/02\/IMG_2176-scaled.jpg\",\"datePublished\":\"2026-02-20T19:22:19+00:00\",\"dateModified\":\"2026-03-18T16:15:49+00:00\",\"breadcrumb\":{\"@id\":\"https:\/\/www.ollamatelier.sk\/eshop\/produkt\/velkonocny-veniec\/#breadcrumb\"},\"inLanguage\":\"sk-SK\",\"potentialAction\":[{\"@type\":\"ReadAction\",\"target\":[\"https:\/\/www.ollamatelier.sk\/eshop\/produkt\/velkonocny-veniec\/\"]}]},{\"@type\":\"ImageObject\",\"inLanguage\":\"sk-SK\",\"@id\":\"https:\/\/www.ollamatelier.sk\/eshop\/produkt\/velkonocny-veniec\/#primaryimage\",\"url\":\"https:\/\/www.ollamatelier.sk\/eshop\/wp-content\/uploads\/2026\/02\/IMG_2176-scaled.jpg\",\"contentUrl\":\"https:\/\/www.ollamatelier.sk\/eshop\/wp-content\/uploads\/2026\/02\/IMG_2176-scaled.jpg\",\"width\":2191,\"height\":2560},{\"@type\":\"BreadcrumbList\",\"@id\":\"https:\/\/www.ollamatelier.sk\/eshop\/produkt\/velkonocny-veniec\/#breadcrumb\",\"itemListElement\":[{\"@type\":\"ListItem\",\"position\":1,\"name\":\"Home\",\"item\":\"https:\/\/www.ollamatelier.sk\/eshop\/\"},{\"@type\":\"ListItem\",\"position\":2,\"name\":\"Obchod\",\"item\":\"https:\/\/www.ollamatelier.sk\/eshop\/obchod\/\"},{\"@type\":\"ListItem\",\"position\":3,\"name\":\"Ve\u013ekono\u010dn\u00fd veniec\"}]},{\"@type\":\"WebSite\",\"@id\":\"https:\/\/www.ollamatelier.sk\/eshop\/#website\",\"url\":\"https:\/\/www.ollamatelier.sk\/eshop\/\",\"name\":\"\",\"description\":\"Vence, kytice \u010di izbov\u00e9 kvety v\u0161etko pestovan\u00e9 mnou a moj\u00edmi rukami. Okrem in\u00e9ho tu n\u00e1jdete aj doplnky, ktor\u00e9 z\u00fatulnia ka\u017ed\u00fa dom\u00e1cnos\u0165.\",\"potentialAction\":[{\"@type\":\"SearchAction\",\"target\":{\"@type\":\"EntryPoint\",\"urlTemplate\":\"https:\/\/www.ollamatelier.sk\/eshop\/?s={search_term_string}\"},\"query-input\":{\"@type\":\"PropertyValueSpecification\",\"valueRequired\":true,\"valueName\":\"search_term_string\"}}],\"inLanguage\":\"sk-SK\"}]}<\/script>\n<!-- \/ Yoast SEO plugin. -->","yoast_head_json":{"title":"Ve\u013ekono\u010dn\u00fd veniec -","robots":{"index":"index","follow":"follow","max-snippet":"max-snippet:-1","max-image-preview":"max-image-preview:large","max-video-preview":"max-video-preview:-1"},"canonical":"https:\/\/www.ollamatelier.sk\/eshop\/produkt\/velkonocny-veniec\/","og_locale":"sk_SK","og_type":"article","og_title":"Ve\u013ekono\u010dn\u00fd veniec -","og_description":"Ve\u013ekono\u010dn\u00fd veniec  Ve\u013ekono\u010dn\u00fd veniec vyroben\u00fd z pr\u00edrodn\u00fdch materi\u00e1lo. Z\u00e1klad tvor\u00ed vo\u0148av\u00e1 zele\u0148, ktor\u00e1 je doplnen\u00e1 o su\u0161en\u00e9 kvety z na\u0161j z\u00e1hrady. Nesm\u00fa ch\u00fdba\u0165 bahniatka a prepeli\u010die \u010di slepa\u010die vaj\u00ed\u010dka.  Primer venca je cca 35cm, veniec nie je viazan\u00fd na hladko ale je \u0161i\u0161at\u00fd a r\u00f4znorod\u00fd.\u00a0","og_url":"https:\/\/www.ollamatelier.sk\/eshop\/produkt\/velkonocny-veniec\/","article_modified_time":"2026-03-18T16:15:49+00:00","og_image":[{"width":2191,"height":2560,"url":"https:\/\/www.ollamatelier.sk\/eshop\/wp-content\/uploads\/2026\/02\/IMG_2176-scaled.jpg","type":"image\/jpeg"}],"twitter_card":"summary_large_image","twitter_misc":{"Predpokladan\u00fd \u010das \u010d\u00edtania":"2 min\u00faty"},"schema":{"@context":"https:\/\/schema.org","@graph":[{"@type":"WebPage","@id":"https:\/\/www.ollamatelier.sk\/eshop\/produkt\/velkonocny-veniec\/","url":"https:\/\/www.ollamatelier.sk\/eshop\/produkt\/velkonocny-veniec\/","name":"Ve\u013ekono\u010dn\u00fd veniec -","isPartOf":{"@id":"https:\/\/www.ollamatelier.sk\/eshop\/#website"},"primaryImageOfPage":{"@id":"https:\/\/www.ollamatelier.sk\/eshop\/produkt\/velkonocny-veniec\/#primaryimage"},"image":{"@id":"https:\/\/www.ollamatelier.sk\/eshop\/produkt\/velkonocny-veniec\/#primaryimage"},"thumbnailUrl":"https:\/\/www.ollamatelier.sk\/eshop\/wp-content\/uploads\/2026\/02\/IMG_2176-scaled.jpg","datePublished":"2026-02-20T19:22:19+00:00","dateModified":"2026-03-18T16:15:49+00:00","breadcrumb":{"@id":"https:\/\/www.ollamatelier.sk\/eshop\/produkt\/velkonocny-veniec\/#breadcrumb"},"inLanguage":"sk-SK","potentialAction":[{"@type":"ReadAction","target":["https:\/\/www.ollamatelier.sk\/eshop\/produkt\/velkonocny-veniec\/"]}]},{"@type":"ImageObject","inLanguage":"sk-SK","@id":"https:\/\/www.ollamatelier.sk\/eshop\/produkt\/velkonocny-veniec\/#primaryimage","url":"https:\/\/www.ollamatelier.sk\/eshop\/wp-content\/uploads\/2026\/02\/IMG_2176-scaled.jpg","contentUrl":"https:\/\/www.ollamatelier.sk\/eshop\/wp-content\/uploads\/2026\/02\/IMG_2176-scaled.jpg","width":2191,"height":2560},{"@type":"BreadcrumbList","@id":"https:\/\/www.ollamatelier.sk\/eshop\/produkt\/velkonocny-veniec\/#breadcrumb","itemListElement":[{"@type":"ListItem","position":1,"name":"Home","item":"https:\/\/www.ollamatelier.sk\/eshop\/"},{"@type":"ListItem","position":2,"name":"Obchod","item":"https:\/\/www.ollamatelier.sk\/eshop\/obchod\/"},{"@type":"ListItem","position":3,"name":"Ve\u013ekono\u010dn\u00fd veniec"}]},{"@type":"WebSite","@id":"https:\/\/www.ollamatelier.sk\/eshop\/#website","url":"https:\/\/www.ollamatelier.sk\/eshop\/","name":"","description":"Vence, kytice \u010di izbov\u00e9 kvety v\u0161etko pestovan\u00e9 mnou a moj\u00edmi rukami. Okrem in\u00e9ho tu n\u00e1jdete aj doplnky, ktor\u00e9 z\u00fatulnia ka\u017ed\u00fa dom\u00e1cnos\u0165.","potentialAction":[{"@type":"SearchAction","target":{"@type":"EntryPoint","urlTemplate":"https:\/\/www.ollamatelier.sk\/eshop\/?s={search_term_string}"},"query-input":{"@type":"PropertyValueSpecification","valueRequired":true,"valueName":"search_term_string"}}],"inLanguage":"sk-SK"}]}},"_links":{"self":[{"href":"https:\/\/www.ollamatelier.sk\/eshop\/wp-json\/wp\/v2\/product\/1363"}],"collection":[{"href":"https:\/\/www.ollamatelier.sk\/eshop\/wp-json\/wp\/v2\/product"}],"about":[{"href":"https:\/\/www.ollamatelier.sk\/eshop\/wp-json\/wp\/v2\/types\/product"}],"wp:featuredmedia":[{"embeddable":true,"href":"https:\/\/www.ollamatelier.sk\/eshop\/wp-json\/wp\/v2\/media\/1368"}],"wp:attachment":[{"href":"https:\/\/www.ollamatelier.sk\/eshop\/wp-json\/wp\/v2\/media?parent=1363"}],"wp:term":[{"taxonomy":"product_cat","embeddable":true,"href":"https:\/\/www.ollamatelier.sk\/eshop\/wp-json\/wp\/v2\/product_cat?post=1363"},{"taxonomy":"product_tag","embeddable":true,"href":"https:\/\/www.ollamatelier.sk\/eshop\/wp-json\/wp\/v2\/product_tag?post=1363"}],"curies":[{"name":"wp","href":"https:\/\/api.w.org\/{rel}","templated":true}]}}